{"id":16415,"date":"2024-02-06T11:03:32","date_gmt":"2024-02-06T16:03:32","guid":{"rendered":"https:\/\/munimiperu.gob.pe\/main\/?page_id=16415"},"modified":"2024-02-21T17:17:32","modified_gmt":"2024-02-21T22:17:32","slug":"declaraciones-juradas-2022-2023","status":"publish","type":"page","link":"https:\/\/munimiperu.gob.pe\/main\/declaraciones-juradas-2022-2023\/","title":{"rendered":"DECLARACIONES JURADAS 2022-2023"},"content":{"rendered":"\t\t<div data-elementor-type=\"wp-page\" data-elementor-id=\"16415\" class=\"elementor elementor-16415\" data-elementor-settings=\"[]\">\n\t\t\t\t\t\t<div class=\"elementor-inner\">\n\t\t\t\t\t\t\t<div class=\"elementor-section-wrap\">\n\t\t\t\t\t\t\t<section class=\"elementor-section elementor-top-section elementor-element elementor-element-41e477f2 elementor-section-boxed elementor-section-height-default elementor-section-height-default\" data-id=\"41e477f2\" data-element_type=\"section\">\n\t\t\t\t\t\t<div class=\"elementor-container elementor-column-gap-default\">\n\t\t\t\t\t\t\t<div class=\"elementor-row\">\n\t\t\t\t\t<div class=\"elementor-column elementor-col-100 elementor-top-column elementor-element elementor-element-7096dfb8\" data-id=\"7096dfb8\" data-element_type=\"column\">\n\t\t\t<div class=\"elementor-column-wrap elementor-element-populated\">\n\t\t\t\t\t\t\t<div class=\"elementor-widget-wrap\">\n\t\t\t\t\t\t<div class=\"elementor-element elementor-element-58ea0fdb elementor-widget elementor-widget-text-editor\" data-id=\"58ea0fdb\" data-element_type=\"widget\" data-widget_type=\"text-editor.default\">\n\t\t\t\t<div class=\"elementor-widget-container\">\n\t\t\t\t\t<div class=\"elementor-text-editor elementor-clearfix\"><table width=\"776\">\n<tbody>\n<tr>\n<td style=\"text-align: center;\" width=\"80\"><span style=\"color: #000000;\"><strong>N\u00ba<\/strong><\/span><\/td>\n<td style=\"text-align: center;\" width=\"231\"><span style=\"color: #000000;\"><strong>FUNCIONARIO<\/strong><\/span><\/td>\n<td style=\"text-align: center;\" width=\"305\"><span style=\"color: #000000;\"><strong>CARGO<\/strong><\/span><\/td>\n<td style=\"text-align: center;\" width=\"80\"><span style=\"color: #000000;\"><strong>TIPO<\/strong><\/span><\/td>\n<td style=\"text-align: center;\" width=\"80\"><span style=\"color: #000000;\"><strong>ARCHIVO<\/strong><\/span><\/td>\n<\/tr>\n<tr>\n<td style=\"text-align: left;\"><span style=\"color: #000000;\">1<\/span><\/td>\n<td width=\"231\">CORTEZ VALVERDE ANALI ROBERTA<\/td>\n<td width=\"305\">SUB GERENCIA DE OBRAS PRIVADAS Y CATASTRO<\/td>\n<td>INICIO<\/td>\n<td><a href=\"https:\/\/munimiperu.gob.pe\/main\/wp-content\/uploads\/2024\/02\/DECLARACION-JURADA-DE-ANALI-CORTEZ-VALVERDE.pdf\" target=\"_blank\" rel=\"noopener\"><img loading=\"lazy\" decoding=\"async\" class=\"aligncenter\" src=\"https:\/\/munimiperu.gob.pe\/main\/wp-content\/uploads\/2022\/05\/pdf-244x300.webp\" alt=\"\" width=\"25\" height=\"20\" \/><\/a><\/td>\n<\/tr>\n<tr>\n<td style=\"text-align: left;\">2<\/td>\n<td width=\"231\">CORTEZ VALVERDE ANALI ROBERTA<\/td>\n<td width=\"305\">SUB GERENCIA DE OBRAS PRIVADAS Y CATASTRO<\/td>\n<td>CESE<\/td>\n<td><a href=\"https:\/\/munimiperu.gob.pe\/main\/wp-content\/uploads\/2024\/02\/DECLARACION-JURADA-DE-ANALI-ROBERTA-CORTEZ-VALVERDE-CESAR.pdf\" target=\"_blank\" rel=\"noopener\"><img loading=\"lazy\" decoding=\"async\" class=\"aligncenter\" src=\"https:\/\/munimiperu.gob.pe\/main\/wp-content\/uploads\/2022\/05\/pdf-244x300.webp\" alt=\"\" width=\"25\" height=\"20\" \/><\/a><\/td>\n<\/tr>\n<tr>\n<td style=\"text-align: left;\">3<\/td>\n<td width=\"231\">ROYSER CAMAN TUESTA<\/td>\n<td width=\"305\">SUB GERENCIA DE LIMPIEZA PUBLICA AREAS VERDES Y ORNATO<\/td>\n<td>INICIO<\/td>\n<td><a href=\"https:\/\/munimiperu.gob.pe\/main\/wp-content\/uploads\/2024\/02\/DECLARACION-JURADA-DE-ROYSER-CAMAN-TUESTA-INICIO.pdf\" target=\"_blank\" rel=\"noopener\"><img loading=\"lazy\" decoding=\"async\" class=\"aligncenter\" src=\"https:\/\/munimiperu.gob.pe\/main\/wp-content\/uploads\/2022\/05\/pdf-244x300.webp\" alt=\"\" width=\"25\" height=\"20\" \/><\/a><\/td>\n<\/tr>\n<tr>\n<td>4<\/td>\n<td width=\"231\">ALONSO RODRIGO LOPEZ MARQUEZ<\/td>\n<td width=\"305\">SUB GERENCIA DE FISCALIZACION CONTROL Y TRASNPORTE<\/td>\n<td>INICIO<\/td>\n<td><a href=\"https:\/\/munimiperu.gob.pe\/main\/wp-content\/uploads\/2024\/02\/DECLARACION-JURADA-DE-ALONSO-RODRIGO-LOPEZ-MARQUEZ-INICIO.pdf\" target=\"_blank\" rel=\"noopener\"><img loading=\"lazy\" decoding=\"async\" class=\"aligncenter\" src=\"https:\/\/munimiperu.gob.pe\/main\/wp-content\/uploads\/2022\/05\/pdf-244x300.webp\" alt=\"\" width=\"25\" height=\"20\" \/><\/a><\/td>\n<\/tr>\n<tr>\n<td>5<\/td>\n<td width=\"231\">CORNEJO PISCONTI JULIO ANTONIO<\/td>\n<td width=\"305\">SUB GERENCIA DE RECURSOS HUMANOS<\/td>\n<td>INICIO<\/td>\n<td><a href=\"https:\/\/munimiperu.gob.pe\/main\/wp-content\/uploads\/2024\/02\/DECLARACION-JURADA-DE-JULIO-ANTONIO-CORNEJO-PISCONTI.pdf\" target=\"_blank\" rel=\"noopener\"><img loading=\"lazy\" decoding=\"async\" class=\"aligncenter\" src=\"https:\/\/munimiperu.gob.pe\/main\/wp-content\/uploads\/2022\/05\/pdf-244x300.webp\" alt=\"\" width=\"25\" height=\"20\" \/><\/a><\/td>\n<\/tr>\n<tr>\n<td>6<\/td>\n<td width=\"231\">CORNEJO PISCONTI JULIO ANTONIO<\/td>\n<td width=\"305\">SUB GERENCIA DE RECURSOS HUMANOS<\/td>\n<td>CESE<\/td>\n<td><a href=\"https:\/\/munimiperu.gob.pe\/main\/wp-content\/uploads\/2024\/02\/DECLARACION-JURADA-DE-JULIO-CORNEJO-PISCONTI-CESAR.pdf\" target=\"_blank\" rel=\"noopener\"><img loading=\"lazy\" decoding=\"async\" class=\"aligncenter\" src=\"https:\/\/munimiperu.gob.pe\/main\/wp-content\/uploads\/2022\/05\/pdf-244x300.webp\" alt=\"\" width=\"25\" height=\"20\" \/><\/a><\/td>\n<\/tr>\n<tr>\n<td>7<\/td>\n<td width=\"231\">CARLOS ANTONIO CUADROS MARQUEZ<\/td>\n<td width=\"305\">OFICINAL GENERAL DE ASESORIO JURIDICA<\/td>\n<td>CESE<\/td>\n<td><a href=\"https:\/\/munimiperu.gob.pe\/main\/wp-content\/uploads\/2024\/02\/DECLARACION-JURADA-DE-CARLOS-ANTONIO-CUADROS-MARQUEZ.pdf\" target=\"_blank\" rel=\"noopener\"><img loading=\"lazy\" decoding=\"async\" class=\"aligncenter\" src=\"https:\/\/munimiperu.gob.pe\/main\/wp-content\/uploads\/2022\/05\/pdf-244x300.webp\" alt=\"\" width=\"25\" height=\"20\" \/><\/a><\/td>\n<\/tr>\n<tr>\n<td>8<\/td>\n<td width=\"231\">TIRADO GUEVARA YOVANA<\/td>\n<td width=\"305\">SECRETARIA GENERAL<\/td>\n<td>INICIO<\/td>\n<td><a href=\"https:\/\/munimiperu.gob.pe\/main\/wp-content\/uploads\/2024\/02\/DECLARACION-JURADA-DE-YOVANA-TIRADO-GUEVARA-INICIO.pdf\" target=\"_blank\" rel=\"noopener\"><img loading=\"lazy\" decoding=\"async\" class=\"aligncenter\" src=\"https:\/\/munimiperu.gob.pe\/main\/wp-content\/uploads\/2022\/05\/pdf-244x300.webp\" alt=\"\" width=\"25\" height=\"20\" \/><\/a><\/td>\n<\/tr>\n<tr>\n<td>9<\/td>\n<td width=\"231\">TIRADO GUEVARA YOVANA<\/td>\n<td width=\"305\">SECRETARIA GENERAL<\/td>\n<td>CESE<\/td>\n<td><a href=\"https:\/\/munimiperu.gob.pe\/main\/wp-content\/uploads\/2024\/02\/DECLARACION-JURADA-YOVANA-TIRADO-GUEVARA-CESAR.pdf\" target=\"_blank\" rel=\"noopener\"><img loading=\"lazy\" decoding=\"async\" class=\"aligncenter\" src=\"https:\/\/munimiperu.gob.pe\/main\/wp-content\/uploads\/2022\/05\/pdf-244x300.webp\" alt=\"\" width=\"25\" height=\"20\" \/><\/a><\/td>\n<\/tr>\n<tr>\n<td>10<\/td>\n<td width=\"231\">NEYSER CASAVILCA MAYURI<\/td>\n<td width=\"305\">SUB GERECNCIA DE INVERSIONES PUBLICAS<\/td>\n<td>INICIO<\/td>\n<td><a href=\"https:\/\/munimiperu.gob.pe\/main\/wp-content\/uploads\/2024\/02\/DECLARACION-JURADA-DE-NEYSER-CASAVILCA-MAYURI-INCIO.pdf\" target=\"_blank\" rel=\"noopener\"><img loading=\"lazy\" decoding=\"async\" class=\"aligncenter\" src=\"https:\/\/munimiperu.gob.pe\/main\/wp-content\/uploads\/2022\/05\/pdf-244x300.webp\" alt=\"\" width=\"25\" height=\"20\" \/><\/a><\/td>\n<\/tr>\n<tr>\n<td>11<\/td>\n<td width=\"231\">SOSA ESPINOZA ANGIE MELANY<\/td>\n<td width=\"305\">SUB GERENCIA DE OBRAS P\u00daBLICAS<\/td>\n<td>CESE<\/td>\n<td><a href=\"https:\/\/munimiperu.gob.pe\/main\/wp-content\/uploads\/2024\/02\/DECLARACION-JURADA-ANGIE-SOSA-ESPINOZA-CESAR.pdf\" target=\"_blank\" rel=\"noopener\"><img loading=\"lazy\" decoding=\"async\" class=\"aligncenter\" src=\"https:\/\/munimiperu.gob.pe\/main\/wp-content\/uploads\/2022\/05\/pdf-244x300.webp\" alt=\"\" width=\"25\" height=\"20\" \/><\/a><\/td>\n<\/tr>\n<tr>\n<td>12<\/td>\n<td width=\"231\">SOSA ESPINOZA ANGIE MELANY<\/td>\n<td width=\"305\">SUB GERENCIA DE OBRAS P\u00daBLICAS<\/td>\n<td>CESE<\/td>\n<td><a href=\"https:\/\/munimiperu.gob.pe\/main\/wp-content\/uploads\/2023\/06\/SOSA-ESPINOZA-DDJJ-CESE.pdf\" target=\"_blank\" rel=\"noopener\"><img loading=\"lazy\" decoding=\"async\" class=\"aligncenter\" src=\"https:\/\/munimiperu.gob.pe\/main\/wp-content\/uploads\/2022\/05\/pdf-244x300.webp\" alt=\"\" width=\"25\" height=\"20\" \/><\/a><\/td>\n<\/tr>\n<tr>\n<td>13<\/td>\n<td width=\"231\">GUERRERO PAREDES LORENZO FELICIANO<\/td>\n<td width=\"305\">REGIDOR<\/td>\n<td>CESAR<\/td>\n<td><a href=\"https:\/\/munimiperu.gob.pe\/main\/wp-content\/uploads\/2024\/02\/DECLARACION-JURADA-DE-GUERRERA-PAREDES-LORENZO-CESAR.pdf\" target=\"_blank\" rel=\"noopener\"><img loading=\"lazy\" decoding=\"async\" class=\"aligncenter\" src=\"https:\/\/munimiperu.gob.pe\/main\/wp-content\/uploads\/2022\/05\/pdf-244x300.webp\" alt=\"\" width=\"25\" height=\"20\" \/><\/a><\/td>\n<\/tr>\n<tr>\n<td>14<\/td>\n<td width=\"231\">LINARES MEGO YULEIDY JENNEHYRE<\/td>\n<td width=\"305\">JEFE DE OFICINA DE TESORERIA<\/td>\n<td>CESE<\/td>\n<td><a href=\"https:\/\/munimiperu.gob.pe\/main\/wp-content\/uploads\/2024\/02\/DECLARACION-JURADA-DE-YULEIDY-JENNEHYRE-LINAREZ-MEGO-CESAR.pdf\" target=\"_blank\" rel=\"noopener\"><img loading=\"lazy\" decoding=\"async\" class=\"aligncenter\" src=\"https:\/\/munimiperu.gob.pe\/main\/wp-content\/uploads\/2022\/05\/pdf-244x300.webp\" alt=\"\" width=\"25\" height=\"20\" \/><\/a><\/td>\n<\/tr>\n<tr>\n<td>15<\/td>\n<td width=\"231\">CARLOS DAVID DEL AGUILA ZU\u00d1IGA<\/td>\n<td width=\"305\">JEFE GENERAL DE COOPERACION TECNICA<\/td>\n<td>INICIO<\/td>\n<td><a href=\"https:\/\/munimiperu.gob.pe\/main\/wp-content\/uploads\/2024\/02\/DECLARACION-JURADA-DE-CARLOS-DAVID-DEL-AGUILA-ZUNIGA-INICIO.pdf\" target=\"_blank\" rel=\"noopener\"><img loading=\"lazy\" decoding=\"async\" class=\"aligncenter\" src=\"https:\/\/munimiperu.gob.pe\/main\/wp-content\/uploads\/2022\/05\/pdf-244x300.webp\" alt=\"\" width=\"25\" height=\"20\" \/><\/a><\/td>\n<\/tr>\n<tr>\n<td>16<\/td>\n<td width=\"231\">\u00a0CARLOS DAVID DEL AGUILA ZU\u00d1IGA<\/td>\n<td width=\"305\">JEFE GENERAL DE COOPERACION TECNICA<\/td>\n<td>CESE<\/td>\n<td><a href=\"https:\/\/munimiperu.gob.pe\/main\/wp-content\/uploads\/2024\/02\/DECLARACION-JURADA-DE-CARLOS-DAVID-DEL-ALGUILA-ZUNIGA-CESE.pdf\" target=\"_blank\" rel=\"noopener\"><img loading=\"lazy\" decoding=\"async\" class=\"aligncenter\" src=\"https:\/\/munimiperu.gob.pe\/main\/wp-content\/uploads\/2022\/05\/pdf-244x300.webp\" alt=\"\" width=\"25\" height=\"20\" \/><\/a><\/td>\n<\/tr>\n<tr>\n<td>17<\/td>\n<td width=\"231\">CHIROQUE FERNANDEZ GUILLERMO<\/td>\n<td width=\"305\">GERENTE DE SEGURIDAD CIUDADANA Y FISCALIZACION<\/td>\n<td>INICIO<\/td>\n<td><a href=\"https:\/\/munimiperu.gob.pe\/main\/wp-content\/uploads\/2024\/02\/DECLARACION-JURADA-DE-GUILLERMO-CHIROQUE-FERNANDEZ-INICIO-1.pdf\" target=\"_blank\" rel=\"noopener\"><img loading=\"lazy\" decoding=\"async\" class=\"aligncenter\" src=\"https:\/\/munimiperu.gob.pe\/main\/wp-content\/uploads\/2022\/05\/pdf-244x300.webp\" alt=\"\" width=\"25\" height=\"20\" \/><\/a><\/td>\n<\/tr>\n<tr>\n<td>18<\/td>\n<td width=\"231\">CHIROQUE FERNANDEZ GUILLERMO<\/td>\n<td width=\"305\">GERENTE DE SEGURIDAD CIUDADANA Y FISCALIZACION<\/td>\n<td>CESE<\/td>\n<td><a href=\"https:\/\/munimiperu.gob.pe\/main\/wp-content\/uploads\/2024\/02\/DECLARACION-JURADA-DE-GUILLERMO-CHIROQUE-FERNANDEZ-CESAR.pdf\" target=\"_blank\" rel=\"noopener\"><img loading=\"lazy\" decoding=\"async\" class=\"aligncenter\" src=\"https:\/\/munimiperu.gob.pe\/main\/wp-content\/uploads\/2022\/05\/pdf-244x300.webp\" alt=\"\" width=\"25\" height=\"20\" \/><\/a><\/td>\n<\/tr>\n<tr>\n<td>19<\/td>\n<td width=\"231\">CALDERON GERMAN ESTEFANI BETTI<\/td>\n<td width=\"305\">SUB GERENCIA DE FISCALIZACI\u00d3N TRIBUTARIA<\/td>\n<td>CESAR<\/td>\n<td><a href=\"https:\/\/munimiperu.gob.pe\/main\/wp-content\/uploads\/2024\/02\/DECLARACION-JURADA-DE-ESTEFANI-BETTI-CALDERON-GERMAN-CESAR.pdf\" target=\"_blank\" rel=\"noopener\"><img loading=\"lazy\" decoding=\"async\" class=\"aligncenter\" src=\"https:\/\/munimiperu.gob.pe\/main\/wp-content\/uploads\/2022\/05\/pdf-244x300.webp\" alt=\"\" width=\"25\" height=\"20\" \/><\/a><\/td>\n<\/tr>\n<tr>\n<td>20<\/td>\n<td width=\"231\">INFANTE DIOS MARCO RUBEN\u00a0<\/td>\n<td width=\"305\">GERENCIA DE ADMINISTRACION TRIBUTARIA<\/td>\n<td>CESAR<\/td>\n<td><a href=\"https:\/\/munimiperu.gob.pe\/main\/wp-content\/uploads\/2024\/02\/DECLARACION-JURADA-DE-MARCOS-RUBEN-INFANTE-DIOS-CESAR.pdf\" target=\"_blank\" rel=\"noopener\"><img loading=\"lazy\" decoding=\"async\" class=\"aligncenter\" src=\"https:\/\/munimiperu.gob.pe\/main\/wp-content\/uploads\/2022\/05\/pdf-244x300.webp\" alt=\"\" width=\"25\" height=\"20\" \/><\/a><\/td>\n<\/tr>\n<tr>\n<td>21<\/td>\n<td width=\"231\">CARMEN GUADALUPE GONZALES CAMPOS<\/td>\n<td width=\"305\">SUB RECAUDACION Y FISCALIZACION TRIBUTARIA<\/td>\n<td>CESE<\/td>\n<td><a href=\"https:\/\/munimiperu.gob.pe\/main\/wp-content\/uploads\/2024\/02\/DECLARACION-JURADA-CARMEN-GUADALUPE-GONZALES-CAMPOS-2-CESAR-1.pdf\" target=\"_blank\" rel=\"noopener\"><img loading=\"lazy\" decoding=\"async\" class=\"aligncenter\" src=\"https:\/\/munimiperu.gob.pe\/main\/wp-content\/uploads\/2022\/05\/pdf-244x300.webp\" alt=\"\" width=\"25\" height=\"20\" \/><\/a><\/td>\n<\/tr>\n<tr>\n<td>22<\/td>\n<td width=\"231\">CARMEN GUADALUPE GONZALES CAMPOS<\/td>\n<td width=\"305\">SUB RECAUDACION Y FISCALIZACION TRIBUTARIA<\/td>\n<td>INICIO<\/td>\n<td><a href=\"https:\/\/munimiperu.gob.pe\/main\/wp-content\/uploads\/2024\/02\/DECLARACION-JURADA-DE-CARMEN-GUADALUPE-GONZALES-CAMPOS-INICIO.pdf\" target=\"_blank\" rel=\"noopener\"><img loading=\"lazy\" decoding=\"async\" class=\"aligncenter\" src=\"https:\/\/munimiperu.gob.pe\/main\/wp-content\/uploads\/2022\/05\/pdf-244x300.webp\" alt=\"\" width=\"25\" height=\"20\" \/><\/a><\/td>\n<\/tr>\n<tr>\n<td>23<\/td>\n<td width=\"231\">JURADA DE ANTHONY JES\u00daS DIAZ ALBINO<\/td>\n<td width=\"305\">JEFE DE LOGISTICA Y SERVICIOS GENERALES<\/td>\n<td>CESE<\/td>\n<td><a href=\"https:\/\/munimiperu.gob.pe\/main\/wp-content\/uploads\/2024\/02\/DECLARACION-JURADA-DE-ANTHONY-JESUS-DIAZ-ALBINO-CESAR.pdf\" target=\"_blank\" rel=\"noopener\"><img loading=\"lazy\" decoding=\"async\" class=\"aligncenter\" src=\"https:\/\/munimiperu.gob.pe\/main\/wp-content\/uploads\/2022\/05\/pdf-244x300.webp\" alt=\"\" width=\"25\" height=\"20\" \/><\/a><\/td>\n<\/tr>\n<tr>\n<td>24<\/td>\n<td width=\"231\">JURADA DE ANTHONY JES\u00daS DIAZ ALBINO<\/td>\n<td width=\"305\">JEFE DE LOGISTICA Y SERVICIOS GENERALES<\/td>\n<td>INICIO<\/td>\n<td><a href=\"https:\/\/munimiperu.gob.pe\/main\/wp-content\/uploads\/2024\/02\/DECLARACION-JURADA-DE-ANTHONY-JESUS-DIAZ-ALBINO-INICIO.pdf\" target=\"_blank\" rel=\"noopener\"><img loading=\"lazy\" decoding=\"async\" class=\"aligncenter\" src=\"https:\/\/munimiperu.gob.pe\/main\/wp-content\/uploads\/2022\/05\/pdf-244x300.webp\" alt=\"\" width=\"25\" height=\"20\" \/><\/a><\/td>\n<\/tr>\n<tr>\n<td>25<\/td>\n<td width=\"231\">CUADROS M\u00c1RQUEZ CARLOS ANTONIO<\/td>\n<td width=\"305\">OFICINAL GENERAL DE ASESORIA JURIDICA<\/td>\n<td>CESAR<\/td>\n<td><a href=\"https:\/\/munimiperu.gob.pe\/main\/wp-content\/uploads\/2024\/02\/DECLARACION-JURADA-DE-CARLOS-ANTONIO-CUADROS-MARQUEZ-CESAR.pdf\" target=\"_blank\" rel=\"noopener\"><img loading=\"lazy\" decoding=\"async\" class=\"aligncenter\" src=\"https:\/\/munimiperu.gob.pe\/main\/wp-content\/uploads\/2022\/05\/pdf-244x300.webp\" alt=\"\" width=\"25\" height=\"20\" \/><\/a><\/td>\n<\/tr>\n<tr>\n<td>26<\/td>\n<td width=\"231\">YSLACHE OLIVERA HEYSEN<\/td>\n<td width=\"305\">SUB GERENCIA DE LIMPIEZA P\u00daBLICA Y SANEAMIENTO AMBIENTAL<\/td>\n<td>INICIO<\/td>\n<td><a href=\"https:\/\/munimiperu.gob.pe\/main\/wp-content\/uploads\/2023\/01\/11.-2023-INICIO-YSLACHE-OLIVERA-HEYSEN.pdf\" target=\"_blank\" rel=\"noopener\"><img loading=\"lazy\" decoding=\"async\" class=\"aligncenter\" src=\"https:\/\/munimiperu.gob.pe\/main\/wp-content\/uploads\/2022\/05\/pdf-244x300.webp\" alt=\"\" width=\"25\" height=\"20\" \/><\/a><\/td>\n<\/tr>\n<tr>\n<td>27<\/td>\n<td width=\"231\">YSLACHE OLIVERA HEYSEN<\/td>\n<td width=\"305\">SUB GERENCIA DE LIMPIEZA P\u00daBLICA Y SANEAMIENTO AMBIENTAL<\/td>\n<td>CESE<\/td>\n<td><a href=\"https:\/\/munimiperu.gob.pe\/main\/wp-content\/uploads\/2023\/06\/YSLACHE-OLIVERA-DDJJ-CESE.pdf\" target=\"_blank\" rel=\"noopener\"><img loading=\"lazy\" decoding=\"async\" class=\"aligncenter\" src=\"https:\/\/munimiperu.gob.pe\/main\/wp-content\/uploads\/2022\/05\/pdf-244x300.webp\" alt=\"\" width=\"25\" height=\"20\" \/><\/a><\/td>\n<\/tr>\n<tr>\n<td>28<\/td>\n<td width=\"231\">YSLACHE OLIVERA HEYSEN<\/td>\n<td width=\"305\">SUB GERENCIA DE LIMPIEZA PUBLICA<\/td>\n<td>INICIO<\/td>\n<td><a href=\"https:\/\/munimiperu.gob.pe\/main\/wp-content\/uploads\/2023\/06\/YSLACHE-OLIVERA-DDJJ-INICIO.pdf\" target=\"_blank\" rel=\"noopener\"><img loading=\"lazy\" decoding=\"async\" class=\"aligncenter\" src=\"https:\/\/munimiperu.gob.pe\/main\/wp-content\/uploads\/2022\/05\/pdf-244x300.webp\" alt=\"\" width=\"25\" height=\"20\" \/><\/a><\/td>\n<\/tr>\n<tr>\n<td>29<\/td>\n<td width=\"231\">DIAZ ALBINO ANTHONY JESUS<\/td>\n<td width=\"305\">SUB GERENCIA DE LOG\u00cdSTICA Y SERVICIOS GENERALES<\/td>\n<td>INICIO<\/td>\n<td><a href=\"https:\/\/munimiperu.gob.pe\/main\/wp-content\/uploads\/2023\/01\/12.-2023-INICIO-DIAZ-ALBINO-ANTHONY-JESUS.pdf\" target=\"_blank\" rel=\"noopener\"><img loading=\"lazy\" decoding=\"async\" class=\"aligncenter\" src=\"https:\/\/munimiperu.gob.pe\/main\/wp-content\/uploads\/2022\/05\/pdf-244x300.webp\" alt=\"\" width=\"25\" height=\"20\" \/><\/a><\/td>\n<\/tr>\n<tr>\n<td>30<\/td>\n<td width=\"231\">DIAZ ALBINO ANTHONY JESUS<\/td>\n<td width=\"305\">SUB GERENCIA DE LOG\u00cdSTICA Y SERVICIOS GENERALES<\/td>\n<td>CESE<\/td>\n<td><a href=\"https:\/\/munimiperu.gob.pe\/main\/wp-content\/uploads\/2023\/06\/DIAZ-ALBINO-DDJJ-CESE.pdf\" target=\"_blank\" rel=\"noopener\"><img loading=\"lazy\" decoding=\"async\" class=\"aligncenter\" src=\"https:\/\/munimiperu.gob.pe\/main\/wp-content\/uploads\/2022\/05\/pdf-244x300.webp\" alt=\"\" width=\"25\" height=\"20\" \/><\/a><\/td>\n<\/tr>\n<tr>\n<td>31<\/td>\n<td width=\"231\">DIAZ ALBINO ANTHONY JESUS<\/td>\n<td width=\"305\">OFICINA DE LOGISTICA Y SERVICIOS GENERALES<\/td>\n<td>INICIO<\/td>\n<td><a href=\"https:\/\/munimiperu.gob.pe\/main\/wp-content\/uploads\/2023\/06\/DIAZ-ALBINO-DDJJ-INICIO.pdf\" target=\"_blank\" rel=\"noopener\"><img loading=\"lazy\" decoding=\"async\" class=\"aligncenter\" src=\"https:\/\/munimiperu.gob.pe\/main\/wp-content\/uploads\/2022\/05\/pdf-244x300.webp\" alt=\"\" width=\"25\" height=\"20\" \/><\/a><\/td>\n<\/tr>\n<tr>\n<td>32<\/td>\n<td width=\"231\">DEL AGUILA ZU\u00d1IGA CARLOS DAVID<\/td>\n<td width=\"305\">GERENCIA DE SERVICIOS P\u00daBLICOS Y GESTI\u00d3N AMBIENTAL<\/td>\n<td>INICIO<\/td>\n<td><a href=\"https:\/\/munimiperu.gob.pe\/main\/wp-content\/uploads\/2023\/01\/13.-2023-INICIO-DEL-AGUILA-ZUNIGA-CARLOS-DAVID.pdf\" target=\"_blank\" rel=\"noopener\"><img loading=\"lazy\" decoding=\"async\" class=\"aligncenter\" src=\"https:\/\/munimiperu.gob.pe\/main\/wp-content\/uploads\/2022\/05\/pdf-244x300.webp\" alt=\"\" width=\"25\" height=\"20\" \/><\/a><\/td>\n<\/tr>\n<tr>\n<td>33<\/td>\n<td width=\"231\">DEL AGUILA ZU\u00d1IGA CARLOS DAVID<\/td>\n<td width=\"305\">GERENCIA DE SERVICIOS P\u00daBLICOS Y GESTI\u00d3N AMBIENTAL<\/td>\n<td>CESE<\/td>\n<td><a href=\"https:\/\/munimiperu.gob.pe\/main\/wp-content\/uploads\/2023\/06\/DEL-AGUILA-DDJJ-CESE.pdf\" target=\"_blank\" rel=\"noopener\"><img loading=\"lazy\" decoding=\"async\" class=\"aligncenter\" src=\"https:\/\/munimiperu.gob.pe\/main\/wp-content\/uploads\/2022\/05\/pdf-244x300.webp\" alt=\"\" width=\"25\" height=\"20\" \/><\/a><\/td>\n<\/tr>\n<tr>\n<td>34<\/td>\n<td width=\"231\">DEL AGUILA ZU\u00d1IGA CARLOS DAVID<\/td>\n<td width=\"305\">GERENCIA DE SERVICIOS A LA CIUDAD Y GESTION AMBIENTAL<\/td>\n<td>INICIO<\/td>\n<td><a href=\"https:\/\/munimiperu.gob.pe\/main\/wp-content\/uploads\/2023\/06\/DEL-AGUILA-DDJJ-INICIO.pdf\" target=\"_blank\" rel=\"noopener\"><img loading=\"lazy\" decoding=\"async\" class=\"aligncenter\" src=\"https:\/\/munimiperu.gob.pe\/main\/wp-content\/uploads\/2022\/05\/pdf-244x300.webp\" alt=\"\" width=\"25\" height=\"20\" \/><\/a><\/td>\n<\/tr>\n<tr>\n<td>35<\/td>\n<td width=\"231\">CONTRERAS HUAYTAN CINTHIA KATIRA<\/td>\n<td width=\"305\">REGIDOR<\/td>\n<td>INICIO<\/td>\n<td><a href=\"https:\/\/munimiperu.gob.pe\/main\/wp-content\/uploads\/2023\/01\/14.-2023-INICIO-CONTRERAS-HUAYTAN-CINTHIA-KATIRA.pdf\" target=\"_blank\" rel=\"noopener\"><img loading=\"lazy\" decoding=\"async\" class=\"aligncenter\" src=\"https:\/\/munimiperu.gob.pe\/main\/wp-content\/uploads\/2022\/05\/pdf-244x300.webp\" alt=\"\" width=\"25\" height=\"20\" \/><\/a><\/td>\n<\/tr>\n<tr>\n<td>36<\/td>\n<td width=\"231\">HERRERA NAJARRO EDERSON JULIAN<\/td>\n<td width=\"305\">REGIDOR<\/td>\n<td>INICIO<\/td>\n<td><a href=\"https:\/\/munimiperu.gob.pe\/main\/wp-content\/uploads\/2023\/01\/15.-2023-INICIO-HERRERA-NAJARO-EDERSON-JULIAN.pdf\" target=\"_blank\" rel=\"noopener\"><img loading=\"lazy\" decoding=\"async\" class=\"aligncenter\" src=\"https:\/\/munimiperu.gob.pe\/main\/wp-content\/uploads\/2022\/05\/pdf-244x300.webp\" alt=\"\" width=\"25\" height=\"20\" \/><\/a><\/td>\n<\/tr>\n<tr>\n<td>37<\/td>\n<td width=\"231\">CAMPO MOTTA KEIKO CLARA<\/td>\n<td width=\"305\">REGIDOR<\/td>\n<td>INICIO<\/td>\n<td><a href=\"https:\/\/munimiperu.gob.pe\/main\/wp-content\/uploads\/2023\/01\/16.-2023-INICIO-CAMPOS-MOTTA-KEIKO-CLARA.pdf\" target=\"_blank\" rel=\"noopener\"><img loading=\"lazy\" decoding=\"async\" class=\"aligncenter\" src=\"https:\/\/munimiperu.gob.pe\/main\/wp-content\/uploads\/2022\/05\/pdf-244x300.webp\" alt=\"\" width=\"25\" height=\"20\" \/><\/a><\/td>\n<\/tr>\n<tr>\n<td>38<\/td>\n<td width=\"231\">MONTALVAN GARCIA KARLA GIANINA<\/td>\n<td width=\"305\">REGIDOR<\/td>\n<td>INICIO<\/td>\n<td><a href=\"https:\/\/munimiperu.gob.pe\/main\/wp-content\/uploads\/2023\/01\/17.-2023-INICIO-MONTALVAN-GARCIA-KARLA-GIANINA.pdf\" target=\"_blank\" rel=\"noopener\"><img loading=\"lazy\" decoding=\"async\" class=\"aligncenter\" src=\"https:\/\/munimiperu.gob.pe\/main\/wp-content\/uploads\/2022\/05\/pdf-244x300.webp\" alt=\"\" width=\"25\" height=\"20\" \/><\/a><\/td>\n<\/tr>\n<tr>\n<td>39<\/td>\n<td width=\"231\">\u00c1NGULO MAGUI\u00d1A JESUS ESTEBAN<\/td>\n<td width=\"305\">SUB GERENCIA DE GESTI\u00d3N DE RIESGO Y DESASTRE<\/td>\n<td>INICIO<\/td>\n<td><a href=\"https:\/\/munimiperu.gob.pe\/main\/wp-content\/uploads\/2023\/01\/18.-2023-INICIO-ANGULO-MAGUINA-JESUS-ESTEBAN.pdf\" target=\"_blank\" rel=\"noopener\"><img loading=\"lazy\" decoding=\"async\" class=\"aligncenter\" src=\"https:\/\/munimiperu.gob.pe\/main\/wp-content\/uploads\/2022\/05\/pdf-244x300.webp\" alt=\"\" width=\"25\" height=\"20\" \/><\/a><\/td>\n<\/tr>\n<tr>\n<td>40<\/td>\n<td width=\"231\">GARCIA ANHUAMAN PILAR<\/td>\n<td width=\"305\">SUB GERENCIA DE SALUD<\/td>\n<td>INICIO<\/td>\n<td><a href=\"https:\/\/munimiperu.gob.pe\/main\/wp-content\/uploads\/2023\/01\/19.-2023-INICIO-GARCIA-ANHUAMAN-PILAR.pdf\" target=\"_blank\" rel=\"noopener\"><img loading=\"lazy\" decoding=\"async\" class=\"aligncenter\" src=\"https:\/\/munimiperu.gob.pe\/main\/wp-content\/uploads\/2022\/05\/pdf-244x300.webp\" alt=\"\" width=\"25\" height=\"20\" \/><\/a><\/td>\n<\/tr>\n<tr>\n<td>41<\/td>\n<td width=\"231\">GARCIA ANHUAMAN PILAR<\/td>\n<td width=\"305\">SUB GERENCIA DE SALUD Y PROGRAMAS ALIMENTARIOS<\/td>\n<td>INICIO<\/td>\n<td><a href=\"https:\/\/munimiperu.gob.pe\/main\/wp-content\/uploads\/2023\/07\/DDJJ-INICIO-GARCIA-ANHUAMAN-PILAR.pdf\" target=\"_blank\" rel=\"noopener\"><img loading=\"lazy\" decoding=\"async\" class=\"aligncenter\" src=\"https:\/\/munimiperu.gob.pe\/main\/wp-content\/uploads\/2022\/05\/pdf-244x300.webp\" alt=\"\" width=\"25\" height=\"20\" \/><\/a><\/td>\n<\/tr>\n<tr>\n<td>42<\/td>\n<td width=\"231\">HERRERA BARRIOS CARLOS ALONSO<\/td>\n<td width=\"305\">GERENCIA DE SEGURIDAD CIUDADANA Y FISCALIZACI\u00d3N<\/td>\n<td>INICIO<\/td>\n<td><a href=\"https:\/\/munimiperu.gob.pe\/main\/wp-content\/uploads\/2023\/01\/20.-2023-INICIO-HERRERA-BARRIOS-CARLOS-ALFONSO.pdf\" target=\"_blank\" rel=\"noopener\"><img loading=\"lazy\" decoding=\"async\" class=\"aligncenter\" src=\"https:\/\/munimiperu.gob.pe\/main\/wp-content\/uploads\/2022\/05\/pdf-244x300.webp\" alt=\"\" width=\"25\" height=\"20\" \/><\/a><\/td>\n<\/tr>\n<tr>\n<td>43<\/td>\n<td width=\"231\">ASENCIO HURTADO LEONCIO MARCIAL<\/td>\n<td width=\"305\">SUB GERENCIA DE CONTABILIDAD Y COSTOS\u00a0<\/td>\n<td>INICIO<\/td>\n<td><a href=\"https:\/\/munimiperu.gob.pe\/main\/wp-content\/uploads\/2023\/01\/22.-2023-INICIO-ASENCIO-HURTADO-LEONCIO-MARCIAL.pdf\" target=\"_blank\" rel=\"noopener\"><img loading=\"lazy\" decoding=\"async\" class=\"aligncenter\" src=\"https:\/\/munimiperu.gob.pe\/main\/wp-content\/uploads\/2022\/05\/pdf-244x300.webp\" alt=\"\" width=\"25\" height=\"20\" \/><\/a><\/td>\n<\/tr>\n<tr>\n<td>44<\/td>\n<td width=\"231\">ASENCIO HURTADO LEONCIO MARCIAL<\/td>\n<td width=\"305\">JEFE DE LA OFICINA DE CONTABILIDAD<\/td>\n<td>INICIO<\/td>\n<td><a href=\"https:\/\/munimiperu.gob.pe\/main\/wp-content\/uploads\/2023\/05\/ASENCIO-HURTADO-LEONCIO-CESE.pdf\" target=\"_blank\" rel=\"noopener\"><img loading=\"lazy\" decoding=\"async\" class=\"aligncenter\" src=\"https:\/\/munimiperu.gob.pe\/main\/wp-content\/uploads\/2022\/05\/pdf-244x300.webp\" alt=\"\" width=\"25\" height=\"20\" \/><\/a><\/td>\n<\/tr>\n<tr>\n<td>45<\/td>\n<td width=\"231\">ASENCIO HURTADO LEONCIO MARCIAL<\/td>\n<td width=\"305\">SUB GERENCIA DE CONTABILIDAD Y COSTOS\u00a0<\/td>\n<td>CESE<\/td>\n<td><a href=\"https:\/\/munimiperu.gob.pe\/main\/wp-content\/uploads\/2023\/05\/ASENCIO-HURTADO-LEONCIO-CESE.pdf\" target=\"_blank\" rel=\"noopener\"><img loading=\"lazy\" decoding=\"async\" class=\"aligncenter\" src=\"https:\/\/munimiperu.gob.pe\/main\/wp-content\/uploads\/2022\/05\/pdf-244x300.webp\" alt=\"\" width=\"25\" height=\"20\" \/><\/a><\/td>\n<\/tr>\n<tr>\n<td>46<\/td>\n<td width=\"231\">CASAVILCA MAYURI NEYSER ALONSO<\/td>\n<td width=\"305\">SUB GERENCIA DE ESTUDIOS Y PROYECTOS<\/td>\n<td>INICIO<\/td>\n<td><a href=\"https:\/\/munimiperu.gob.pe\/main\/wp-content\/uploads\/2023\/01\/23.-2023-INICIO-CASAVILCA-MAYURI-NEYSER-ALONSO.pdf\" target=\"_blank\" rel=\"noopener\"><img loading=\"lazy\" decoding=\"async\" class=\"aligncenter\" src=\"https:\/\/munimiperu.gob.pe\/main\/wp-content\/uploads\/2022\/05\/pdf-244x300.webp\" alt=\"\" width=\"25\" height=\"20\" \/><\/a><\/td>\n<\/tr>\n<tr>\n<td>47<\/td>\n<td width=\"231\">CASAVILCA MAYURI NEYSER ALONSO<\/td>\n<td width=\"305\">SUB GERENCIA DE ESTUDIOS Y PROYECTOS<\/td>\n<td>CESE<\/td>\n<td><a href=\"https:\/\/munimiperu.gob.pe\/main\/wp-content\/uploads\/2023\/06\/CASAVILCA-MAYURI-DDJJ-CESE.pdf\" target=\"_blank\" rel=\"noopener\"><img loading=\"lazy\" decoding=\"async\" class=\"aligncenter\" src=\"https:\/\/munimiperu.gob.pe\/main\/wp-content\/uploads\/2022\/05\/pdf-244x300.webp\" alt=\"\" width=\"25\" height=\"20\" \/><\/a><\/td>\n<\/tr>\n<tr>\n<td>48<\/td>\n<td width=\"231\">CASAVILCA MAYURI NEYSER ALONSO<\/td>\n<td width=\"305\">SUB GERENCIA DE ESTUDIOS Y PROYECTOS<\/td>\n<td>INICIO<\/td>\n<td><a href=\"https:\/\/munimiperu.gob.pe\/main\/wp-content\/uploads\/2023\/06\/CASAVILCA-MAYURI-DDJJ-INICIO.pdf\" target=\"_blank\" rel=\"noopener\"><img loading=\"lazy\" decoding=\"async\" class=\"aligncenter\" src=\"https:\/\/munimiperu.gob.pe\/main\/wp-content\/uploads\/2022\/05\/pdf-244x300.webp\" alt=\"\" width=\"25\" height=\"20\" \/><\/a><\/td>\n<\/tr>\n<tr>\n<td>49<\/td>\n<td width=\"231\">MEZA MENDOZA TIMOTEO<\/td>\n<td width=\"305\">GERENTE DE ADMINISTRACI\u00d3N Y FINANZAS<\/td>\n<td>INICIO<\/td>\n<td><a href=\"https:\/\/munimiperu.gob.pe\/main\/wp-content\/uploads\/2023\/01\/24.-2023-INICIO-MEZA-MENDOZA-TIMOTEO.pdf\" target=\"_blank\" rel=\"noopener\"><img loading=\"lazy\" decoding=\"async\" class=\"aligncenter\" src=\"https:\/\/munimiperu.gob.pe\/main\/wp-content\/uploads\/2022\/05\/pdf-244x300.webp\" alt=\"\" width=\"25\" height=\"20\" \/><\/a><\/td>\n<\/tr>\n<tr>\n<td>50<\/td>\n<td width=\"231\">MEZA MENDOZA TIMOTEO<\/td>\n<td width=\"305\">GERENTE DE ADMINISTRACI\u00d3N Y FINANZAS<\/td>\n<td>CESE<\/td>\n<td><a href=\"https:\/\/munimiperu.gob.pe\/main\/wp-content\/uploads\/2023\/05\/MEZA-MEDINA-TIMOTEO-CESE.pdf\" target=\"_blank\" rel=\"noopener\"><img loading=\"lazy\" decoding=\"async\" class=\"aligncenter\" src=\"https:\/\/munimiperu.gob.pe\/main\/wp-content\/uploads\/2022\/05\/pdf-244x300.webp\" alt=\"\" width=\"25\" height=\"20\" \/><\/a><\/td>\n<\/tr>\n<tr>\n<td>51<\/td>\n<td width=\"231\">MEZA MENDOZA TIMOTEO<\/td>\n<td width=\"305\">JEFE DE LA OFICINA GENERAL DE ADMINISTRACI\u00d3N Y FINANZAS<\/td>\n<td>INICIO<\/td>\n<td><a href=\"https:\/\/munimiperu.gob.pe\/main\/wp-content\/uploads\/2023\/05\/MEZA-MEDINA-TIMOTEO-INICIO.pdf\" target=\"_blank\" rel=\"noopener\"><img loading=\"lazy\" decoding=\"async\" class=\"aligncenter\" src=\"https:\/\/munimiperu.gob.pe\/main\/wp-content\/uploads\/2022\/05\/pdf-244x300.webp\" alt=\"\" width=\"25\" height=\"20\" \/><\/a><\/td>\n<\/tr>\n<tr>\n<td>52<\/td>\n<td width=\"231\">INFANTE DIOS MARCOS RUBEN<\/td>\n<td width=\"305\">GERENTE DE ADMINISTRACI\u00d3N TRIBUTARIA<\/td>\n<td>INICIO<\/td>\n<td><a href=\"https:\/\/munimiperu.gob.pe\/main\/wp-content\/uploads\/2023\/01\/25.-2023-INICIO-INFANTES-DIOS-MARCO-RUBEN.pdf\" target=\"_blank\" rel=\"noopener\"><img loading=\"lazy\" decoding=\"async\" class=\"aligncenter\" src=\"https:\/\/munimiperu.gob.pe\/main\/wp-content\/uploads\/2022\/05\/pdf-244x300.webp\" alt=\"\" width=\"25\" height=\"20\" \/><\/a><\/td>\n<\/tr>\n<tr>\n<td>53<\/td>\n<td width=\"231\">INFANTE DIOS MARCOS RUBEN<\/td>\n<td width=\"305\">GERENCIA DE ADMINISTRACI\u00d3N TRIBUTARIA<\/td>\n<td>CESE<\/td>\n<td><a href=\"https:\/\/munimiperu.gob.pe\/main\/wp-content\/uploads\/2023\/05\/INFANTE-DIOS-MARCO-RUBEN-CESE.pdf\" target=\"_blank\" rel=\"noopener\"><img loading=\"lazy\" decoding=\"async\" class=\"aligncenter\" src=\"https:\/\/munimiperu.gob.pe\/main\/wp-content\/uploads\/2022\/05\/pdf-244x300.webp\" alt=\"\" width=\"25\" height=\"20\" \/><\/a><\/td>\n<\/tr>\n<tr>\n<td>54<\/td>\n<td width=\"231\">INFANTE DIOS MARCOS RUBEN<\/td>\n<td width=\"305\">GERENTE DE ADMINISTRACI\u00d3N TRIBUTARIA<\/td>\n<td>INICIO<\/td>\n<td><a href=\"https:\/\/munimiperu.gob.pe\/main\/wp-content\/uploads\/2023\/06\/INFANTE-DIOS-DDJJ-INICIO.pdf\" target=\"_blank\" rel=\"noopener\"><img loading=\"lazy\" decoding=\"async\" class=\"aligncenter\" src=\"https:\/\/munimiperu.gob.pe\/main\/wp-content\/uploads\/2022\/05\/pdf-244x300.webp\" alt=\"\" width=\"25\" height=\"20\" \/><\/a><\/td>\n<\/tr>\n<tr>\n<td>55<\/td>\n<td width=\"231\">ROJAS SANDOVAL HUAMAN WILFREDO LEONID<\/td>\n<td width=\"305\">SUB GERENCIA DE TECNOLOG\u00cdA DE LA INFORMACI\u00d3N Y ESTAD\u00cdSTICA<\/td>\n<td>INICIO<\/td>\n<td><a href=\"https:\/\/munimiperu.gob.pe\/main\/wp-content\/uploads\/2023\/01\/26.-2023-INICIO-ROJAS-SANDOVAL-HUAMAN-WILFREDO-LEONID.pdf\" target=\"_blank\" rel=\"noopener\"><img loading=\"lazy\" decoding=\"async\" class=\"aligncenter\" src=\"https:\/\/munimiperu.gob.pe\/main\/wp-content\/uploads\/2022\/05\/pdf-244x300.webp\" alt=\"\" width=\"25\" height=\"20\" \/><\/a><\/td>\n<\/tr>\n<tr>\n<td>56<\/td>\n<td width=\"231\">ROJAS SANDOVAL HUAMAN WILFREDO LEONID<\/td>\n<td width=\"305\">SUB GERENCIA DE TECNOLOG\u00cdA DE LA INFORMACI\u00d3N Y ESTAD\u00cdSTICA<\/td>\n<td>CESE<\/td>\n<td><a href=\"https:\/\/munimiperu.gob.pe\/main\/wp-content\/uploads\/2023\/05\/ROJAS-HUAMAN-WILFREDO-CESE.pdf\" target=\"_blank\" rel=\"noopener\"><img loading=\"lazy\" decoding=\"async\" class=\"aligncenter\" src=\"https:\/\/munimiperu.gob.pe\/main\/wp-content\/uploads\/2022\/05\/pdf-244x300.webp\" alt=\"\" width=\"25\" height=\"20\" \/><\/a><\/td>\n<\/tr>\n<tr>\n<td>57<\/td>\n<td width=\"231\">GONZALES CAMPOS CARMEN GUADALUPE<\/td>\n<td width=\"305\">SUB GERENCIA DE REGISTRO, RECAUDACI\u00d3N Y CONTROL TRIBUTARIO<\/td>\n<td>INICIO<\/td>\n<td><a href=\"https:\/\/munimiperu.gob.pe\/main\/wp-content\/uploads\/2023\/05\/GNZALES-CAMPOS-CARMEN-INICIO.pdf\" target=\"_blank\" rel=\"noopener\"><img loading=\"lazy\" decoding=\"async\" class=\"aligncenter\" src=\"https:\/\/munimiperu.gob.pe\/main\/wp-content\/uploads\/2022\/05\/pdf-244x300.webp\" alt=\"\" width=\"25\" height=\"20\" \/><\/a><\/td>\n<\/tr>\n<tr>\n<td>58<\/td>\n<td width=\"231\">GONZALES CAMPOS CARMEN GUADALUPE<\/td>\n<td width=\"305\">SUB GERENCIA DE REGISTRO, RECAUDACI\u00d3N Y CONTROL TRIBUTARIO<\/td>\n<td>CESE<\/td>\n<td><a href=\"https:\/\/munimiperu.gob.pe\/main\/wp-content\/uploads\/2023\/05\/GONZALES-CAMPOS-CARMEN-CESE.pdf\" target=\"_blank\" rel=\"noopener\"><img loading=\"lazy\" decoding=\"async\" class=\"aligncenter\" src=\"https:\/\/munimiperu.gob.pe\/main\/wp-content\/uploads\/2022\/05\/pdf-244x300.webp\" alt=\"\" width=\"25\" height=\"20\" \/><\/a><\/td>\n<\/tr>\n<tr>\n<td>59<\/td>\n<td width=\"231\">GONZALES CAMPOS CARMEN GUADALUPE<\/td>\n<td width=\"305\">SUB GERENCIA DE RECAUDACION TRIBUTARIA<\/td>\n<td>INICIO<\/td>\n<td><a href=\"https:\/\/munimiperu.gob.pe\/main\/wp-content\/uploads\/2023\/05\/GNZALES-CAMPOS-CARMEN-INICIO.pdf\" target=\"_blank\" rel=\"noopener\"><img loading=\"lazy\" decoding=\"async\" class=\"aligncenter\" src=\"https:\/\/munimiperu.gob.pe\/main\/wp-content\/uploads\/2022\/05\/pdf-244x300.webp\" alt=\"\" width=\"25\" height=\"20\" \/><\/a><\/td>\n<\/tr>\n<tr>\n<td>60<\/td>\n<td width=\"231\">HURTADO DURAN JOSE LUIS<\/td>\n<td width=\"305\">REGIDOR<\/td>\n<td>INICIO<\/td>\n<td><a href=\"https:\/\/munimiperu.gob.pe\/main\/wp-content\/uploads\/2023\/02\/2023-INICIO-GONZALES-CAMPOS.pdf\" target=\"_blank\" rel=\"noopener\"><img loading=\"lazy\" decoding=\"async\" class=\"aligncenter\" src=\"https:\/\/munimiperu.gob.pe\/main\/wp-content\/uploads\/2022\/05\/pdf-244x300.webp\" alt=\"\" width=\"25\" height=\"20\" \/><\/a><\/td>\n<\/tr>\n<tr>\n<td>61<\/td>\n<td width=\"231\">LINARES MEGO YULEIDY JENNEHYRE<\/td>\n<td width=\"305\">SUB GERENCIA DE TESORER\u00cdA<\/td>\n<td>INICIO<\/td>\n<td><a href=\"https:\/\/munimiperu.gob.pe\/main\/wp-content\/uploads\/2023\/02\/2023-INICIO-LINARES-MEGO.pdf\" target=\"_blank\" rel=\"noopener\"><img loading=\"lazy\" decoding=\"async\" class=\"aligncenter\" src=\"https:\/\/munimiperu.gob.pe\/main\/wp-content\/uploads\/2022\/05\/pdf-244x300.webp\" alt=\"\" width=\"25\" height=\"20\" \/><\/a><\/td>\n<\/tr>\n<tr>\n<td>62<\/td>\n<td width=\"231\">LINARES MEGO YULEIDY JENNEHYRE<\/td>\n<td width=\"305\">SUB GERENCIA DE TESORER\u00cdA<\/td>\n<td>CESE<\/td>\n<td><a href=\"https:\/\/munimiperu.gob.pe\/main\/wp-content\/uploads\/2023\/02\/2023-INICIO-LINARES-MEGO.pdf\" target=\"_blank\" rel=\"noopener\"><img loading=\"lazy\" decoding=\"async\" class=\"aligncenter\" src=\"https:\/\/munimiperu.gob.pe\/main\/wp-content\/uploads\/2022\/05\/pdf-244x300.webp\" alt=\"\" width=\"25\" height=\"20\" \/><\/a><\/td>\n<\/tr>\n<tr>\n<td>63<\/td>\n<td width=\"231\">LINARES MEGO YULEIDY JENNEHYRE<\/td>\n<td width=\"305\">OFICINA DE TESORERIA<\/td>\n<td>INICIO<\/td>\n<td><a href=\"https:\/\/munimiperu.gob.pe\/main\/wp-content\/uploads\/2023\/06\/LINARES-MEGO-DDJJ-INICIO.pdf\" target=\"_blank\" rel=\"noopener\"><img loading=\"lazy\" decoding=\"async\" class=\"aligncenter\" src=\"https:\/\/munimiperu.gob.pe\/main\/wp-content\/uploads\/2022\/05\/pdf-244x300.webp\" alt=\"\" width=\"25\" height=\"20\" \/><\/a><\/td>\n<\/tr>\n<tr>\n<td>64<\/td>\n<td width=\"231\">ROSELLO MONTERO EDUARDO<\/td>\n<td width=\"305\">GERENTE MUNICIPAL<\/td>\n<td>INICIO<\/td>\n<td><a href=\"https:\/\/munimiperu.gob.pe\/main\/wp-content\/uploads\/2023\/02\/2023-INICIO-ROSELLO-MONTERO.pdf\" target=\"_blank\" rel=\"noopener\"><img loading=\"lazy\" decoding=\"async\" class=\"aligncenter\" src=\"https:\/\/munimiperu.gob.pe\/main\/wp-content\/uploads\/2022\/05\/pdf-244x300.webp\" alt=\"\" width=\"25\" height=\"20\" \/><\/a><\/td>\n<\/tr>\n<tr>\n<td>65<\/td>\n<td width=\"231\">ROSELLO MONTERO EDUARDO<\/td>\n<td width=\"305\">GERENTE MUNICIPAL<\/td>\n<td>CESE<\/td>\n<td><a href=\"https:\/\/munimiperu.gob.pe\/main\/wp-content\/uploads\/2023\/06\/ROSELLO-MONTERO-DDJJ-CESE.pdf\" target=\"_blank\" rel=\"noopener\"><img loading=\"lazy\" decoding=\"async\" class=\"aligncenter\" src=\"https:\/\/munimiperu.gob.pe\/main\/wp-content\/uploads\/2022\/05\/pdf-244x300.webp\" alt=\"\" width=\"25\" height=\"20\" \/><\/a><\/td>\n<\/tr>\n<tr>\n<td>66<\/td>\n<td width=\"231\">ROSELLO MONTERO EDUARDO<\/td>\n<td width=\"305\">GERENTE MUNICIPAL<\/td>\n<td>INICIO<\/td>\n<td><a href=\"https:\/\/munimiperu.gob.pe\/main\/wp-content\/uploads\/2023\/06\/ROSELLO-MONTERO-DDJJ-INICIO.pdf\" target=\"_blank\" rel=\"noopener\"><img loading=\"lazy\" decoding=\"async\" class=\"aligncenter\" src=\"https:\/\/munimiperu.gob.pe\/main\/wp-content\/uploads\/2022\/05\/pdf-244x300.webp\" alt=\"\" width=\"25\" height=\"20\" \/><\/a><\/td>\n<\/tr>\n<tr>\n<td>67<\/td>\n<td width=\"231\">CHIROQUE FERNANDEZ GUILLERMO<\/td>\n<td width=\"305\">SUB GERENCIA DE SERENAZGO<\/td>\n<td>INICIO<\/td>\n<td><a href=\"https:\/\/munimiperu.gob.pe\/main\/wp-content\/uploads\/2023\/02\/2023-INICIO-CHIROQUE-FERNANDEZ.pdf\" target=\"_blank\" rel=\"noopener\"><img loading=\"lazy\" decoding=\"async\" class=\"aligncenter\" src=\"https:\/\/munimiperu.gob.pe\/main\/wp-content\/uploads\/2022\/05\/pdf-244x300.webp\" alt=\"\" width=\"25\" height=\"20\" \/><\/a><\/td>\n<\/tr>\n<tr>\n<td>68<\/td>\n<td width=\"231\">CHIROQUE FERNANDEZ GUILLERMO<\/td>\n<td width=\"305\">SUB GERENCIA DE SERENAZGO<\/td>\n<td>CESE<\/td>\n<td><a href=\"https:\/\/munimiperu.gob.pe\/main\/wp-content\/uploads\/2023\/05\/CHIROQUE-FERNANDEZ-GUILLERMO-CESE.pdf\" target=\"_blank\" rel=\"noopener\"><img loading=\"lazy\" decoding=\"async\" class=\"aligncenter\" src=\"https:\/\/munimiperu.gob.pe\/main\/wp-content\/uploads\/2022\/05\/pdf-244x300.webp\" alt=\"\" width=\"25\" height=\"20\" \/><\/a><\/td>\n<\/tr>\n<tr>\n<td>69<\/td>\n<td width=\"231\">CHIROQUE FERNANDEZ GUILLERMO<\/td>\n<td width=\"305\">GERENTE DE SEGURIDAD CIUDADANA<\/td>\n<td>INICIO<\/td>\n<td><a href=\"https:\/\/munimiperu.gob.pe\/main\/wp-content\/uploads\/2023\/05\/CHIROQUE-FERNANDEZ-GUILLERMO-INICIO.pdf\" target=\"_blank\" rel=\"noopener\"><img loading=\"lazy\" decoding=\"async\" class=\"aligncenter\" src=\"https:\/\/munimiperu.gob.pe\/main\/wp-content\/uploads\/2022\/05\/pdf-244x300.webp\" alt=\"\" width=\"25\" height=\"20\" \/><\/a><\/td>\n<\/tr>\n<tr>\n<td>70<\/td>\n<td width=\"231\">CHIROQUE FERNANDEZ GUILLERMO<\/td>\n<td width=\"305\">GERENTE DE SEGURIDAD CIUDADANA<\/td>\n<td>CESE<\/td>\n<td><a href=\"https:\/\/munimiperu.gob.pe\/main\/wp-content\/uploads\/2023\/06\/CHIROQUE-DDJJ-CESE.pdf\" target=\"_blank\" rel=\"noopener\"><img loading=\"lazy\" decoding=\"async\" class=\"aligncenter\" src=\"https:\/\/munimiperu.gob.pe\/main\/wp-content\/uploads\/2022\/05\/pdf-244x300.webp\" alt=\"\" width=\"25\" height=\"20\" \/><\/a><\/td>\n<\/tr>\n<tr>\n<td>71<\/td>\n<td width=\"231\">CHIROQUE FERNANDEZ GUILLERMO<\/td>\n<td width=\"305\">GERENTE DE SEGURIDAD CIUDADANA Y FISCALIZACION<\/td>\n<td>INICIO<\/td>\n<td><a href=\"https:\/\/munimiperu.gob.pe\/main\/wp-content\/uploads\/2023\/06\/CHIROQUE-DDJJ-INICIO.pdf\" target=\"_blank\" rel=\"noopener\"><img loading=\"lazy\" decoding=\"async\" class=\"aligncenter\" src=\"https:\/\/munimiperu.gob.pe\/main\/wp-content\/uploads\/2022\/05\/pdf-244x300.webp\" alt=\"\" width=\"25\" height=\"20\" \/><\/a><\/td>\n<\/tr>\n<tr>\n<td>72<\/td>\n<td width=\"231\">SILVA YUPANQUI KAREN ELIZABETH<\/td>\n<td width=\"305\">REGIDOR<\/td>\n<td>INICIO<\/td>\n<td><a href=\"https:\/\/munimiperu.gob.pe\/main\/wp-content\/uploads\/2023\/02\/2023-INICIO-SILVA-YUPANQUI.pdf\" target=\"_blank\" rel=\"noopener\"><img loading=\"lazy\" decoding=\"async\" class=\"aligncenter\" src=\"https:\/\/munimiperu.gob.pe\/main\/wp-content\/uploads\/2022\/05\/pdf-244x300.webp\" alt=\"\" width=\"25\" height=\"20\" \/><\/a><\/td>\n<\/tr>\n<tr>\n<td>73<\/td>\n<td width=\"231\">CAMAN TUESTA ROYSER<\/td>\n<td width=\"305\">SUB GERENCIA DE AREAS VERDES Y ORNATO<\/td>\n<td>INICIO<\/td>\n<td><a href=\"https:\/\/munimiperu.gob.pe\/main\/wp-content\/uploads\/2023\/05\/CAMAN-TUESTA-REYSER-INICIO.pdf\" target=\"_blank\" rel=\"noopener\"><img loading=\"lazy\" decoding=\"async\" class=\"aligncenter\" src=\"https:\/\/munimiperu.gob.pe\/main\/wp-content\/uploads\/2022\/05\/pdf-244x300.webp\" alt=\"\" width=\"25\" height=\"20\" \/><\/a><\/td>\n<\/tr>\n<tr>\n<td>74<\/td>\n<td width=\"231\">RAMIREZ OJEDA FERNANDO ANTONIO<\/td>\n<td width=\"305\">SUB GERENCIA DE GESTI\u00d3N DE RIESGO Y DESASTRE<\/td>\n<td>CESE<\/td>\n<td><a href=\"https:\/\/munimiperu.gob.pe\/main\/wp-content\/uploads\/2023\/05\/RAMIREZ-OJEDA-FERNANDO-CESE.pdf\" target=\"_blank\" rel=\"noopener\"><img loading=\"lazy\" decoding=\"async\" class=\"aligncenter\" src=\"https:\/\/munimiperu.gob.pe\/main\/wp-content\/uploads\/2022\/05\/pdf-244x300.webp\" alt=\"\" width=\"25\" height=\"20\" \/><\/a><\/td>\n<\/tr>\n<tr>\n<td>75<\/td>\n<td width=\"231\">MATEO JULCA JORGE ALEJANDRO<\/td>\n<td width=\"305\">GERENCIA DE OBRAS Y DESARROLLO URBANO<\/td>\n<td>INICIO<\/td>\n<td><a href=\"https:\/\/munimiperu.gob.pe\/main\/wp-content\/uploads\/2023\/07\/DDJJ-INICIO-MATEO-JULCA-JORGE.pdf\" target=\"_blank\" rel=\"noopener\"><img loading=\"lazy\" decoding=\"async\" class=\"aligncenter\" src=\"https:\/\/munimiperu.gob.pe\/main\/wp-content\/uploads\/2022\/05\/pdf-244x300.webp\" alt=\"\" width=\"25\" height=\"20\" \/><\/a><\/td>\n<\/tr>\n<tr>\n<td>76<\/td>\n<td width=\"231\">MATEO JULCA JORGE ALEJANDRO<\/td>\n<td width=\"305\">GERENCIA DE OBRAS Y DESARROLLO URBANO<\/td>\n<td>CESE<\/td>\n<td><a href=\"https:\/\/munimiperu.gob.pe\/main\/wp-content\/uploads\/2023\/07\/DDJJ-CESE-MATEO-JULCA-JORGE.pdf\" target=\"_blank\" rel=\"noopener\"><img loading=\"lazy\" decoding=\"async\" class=\"aligncenter\" src=\"https:\/\/munimiperu.gob.pe\/main\/wp-content\/uploads\/2022\/05\/pdf-244x300.webp\" alt=\"\" width=\"25\" height=\"20\" \/><\/a><\/td>\n<\/tr>\n<tr>\n<td>77<\/td>\n<td width=\"231\">MATEO JULCA JORGE ALEJANDRO<\/td>\n<td width=\"305\">GERENTE DE DESARROLLO URBANO<\/td>\n<td>INICIO<\/td>\n<td><a href=\"https:\/\/munimiperu.gob.pe\/main\/wp-content\/uploads\/2023\/07\/DDJJ-1ER-INICIO-MATEO-JULCA-JORGE.pdf\" target=\"_blank\" rel=\"noopener\"><img loading=\"lazy\" decoding=\"async\" class=\"aligncenter\" src=\"https:\/\/munimiperu.gob.pe\/main\/wp-content\/uploads\/2022\/05\/pdf-244x300.webp\" alt=\"\" width=\"25\" height=\"20\" \/><\/a><\/td>\n<\/tr>\n<tr>\n<td>78<\/td>\n<td width=\"231\">ITA ESTACIO GUILLERMO AGUSTIN<\/td>\n<td width=\"305\">GERENTE DE PLANEAMIENTO, PRESUPUESTO Y RACIONALIZACION<\/td>\n<td>CESE<\/td>\n<td><a href=\"https:\/\/munimiperu.gob.pe\/main\/wp-content\/uploads\/2023\/07\/DDJJ-CESE-ITA-ESTACIO-GUILLERMO.pdf\" target=\"_blank\" rel=\"noopener\"><img loading=\"lazy\" decoding=\"async\" class=\"aligncenter\" src=\"https:\/\/munimiperu.gob.pe\/main\/wp-content\/uploads\/2022\/05\/pdf-244x300.webp\" alt=\"\" width=\"25\" height=\"20\" \/><\/a><\/td>\n<\/tr>\n<tr>\n<td>79<\/td>\n<td width=\"231\">ITA ESTACIO GUILLERMO AGUSTIN<\/td>\n<td width=\"305\">JEFE DE LA OFICINA GENERAL DE PLANEAMIENTO Y PRESUPUESTO<\/td>\n<td>INICIO<\/td>\n<td><a href=\"https:\/\/munimiperu.gob.pe\/main\/wp-content\/uploads\/2023\/07\/DDJJ-INICIO-ITA-ESTACIO-GUILLERMO.pdf\" target=\"_blank\" rel=\"noopener\"><img loading=\"lazy\" decoding=\"async\" class=\"aligncenter\" src=\"https:\/\/munimiperu.gob.pe\/main\/wp-content\/uploads\/2022\/05\/pdf-244x300.webp\" alt=\"\" width=\"25\" height=\"20\" \/><\/a><\/td>\n<\/tr>\n<\/tbody>\n<\/table>\n<!-- wp:paragraph -->\n<p>\u00a0<\/p>\n<!-- \/wp:paragraph --><\/div>\n\t\t\t\t<\/div>\n\t\t\t\t<\/div>\n\t\t\t\t\t\t<\/div>\n\t\t\t\t\t<\/div>\n\t\t<\/div>\n\t\t\t\t\t\t\t\t<\/div>\n\t\t\t\t\t<\/div>\n\t\t<\/section>\n\t\t\t\t\t\t<\/div>\n\t\t\t\t\t\t<\/div>\n\t\t\t\t\t<\/div>\n\t\t","protected":false},"excerpt":{"rendered":"<p>N\u00ba FUNCIONARIO CARGO TIPO ARCHIVO 1 CORTEZ VALVERDE ANALI ROBERTA SUB GERENCIA DE OBRAS PRIVADAS Y CATASTRO INICIO 2 CORTEZ VALVERDE ANALI ROBERTA SUB GERENCIA DE OBRAS PRIVADAS Y CATASTRO CESE 3 ROYSER CAMAN TUESTA SUB GERENCIA DE LIMPIEZA PUBLICA AREAS VERDES Y ORNATO INICIO 4 ALONSO RODRIGO LOPEZ MARQUEZ SUB GERENCIA DE FISCALIZACION CONTROL &hellip;<\/p>\n<p class=\"read-more\"> <a class=\"\" href=\"https:\/\/munimiperu.gob.pe\/main\/declaraciones-juradas-2022-2023\/\"> <span class=\"screen-reader-text\">DECLARACIONES JURADAS 2022-2023<\/span> Leer m\u00e1s &raquo;<\/a><\/p>\n","protected":false},"author":1,"featured_media":0,"parent":0,"menu_order":0,"comment_status":"closed","ping_status":"closed","template":"","meta":{"_mi_skip_tracking":false,"site-sidebar-layout":"default","site-content-layout":"default","ast-main-header-display":"","ast-hfb-above-header-display":"","ast-hfb-below-header-display":"","ast-hfb-mobile-header-display":"","site-post-title":"","ast-breadcrumbs-content":"","ast-featured-img":"","footer-sml-layout":"","theme-transparent-header-meta":"","adv-header-id-meta":"","stick-header-meta":"","header-above-stick-meta":"","header-main-stick-meta":"","header-below-stick-meta":"","footnotes":""},"class_list":["post-16415","page","type-page","status-publish","hentry"],"_links":{"self":[{"href":"https:\/\/munimiperu.gob.pe\/main\/wp-json\/wp\/v2\/pages\/16415","targetHints":{"allow":["GET"]}}],"collection":[{"href":"https:\/\/munimiperu.gob.pe\/main\/wp-json\/wp\/v2\/pages"}],"about":[{"href":"https:\/\/munimiperu.gob.pe\/main\/wp-json\/wp\/v2\/types\/page"}],"author":[{"embeddable":true,"href":"https:\/\/munimiperu.gob.pe\/main\/wp-json\/wp\/v2\/users\/1"}],"replies":[{"embeddable":true,"href":"https:\/\/munimiperu.gob.pe\/main\/wp-json\/wp\/v2\/comments?post=16415"}],"version-history":[{"count":79,"href":"https:\/\/munimiperu.gob.pe\/main\/wp-json\/wp\/v2\/pages\/16415\/revisions"}],"predecessor-version":[{"id":16616,"href":"https:\/\/munimiperu.gob.pe\/main\/wp-json\/wp\/v2\/pages\/16415\/revisions\/16616"}],"wp:attachment":[{"href":"https:\/\/munimiperu.gob.pe\/main\/wp-json\/wp\/v2\/media?parent=16415"}],"curies":[{"name":"wp","href":"https:\/\/api.w.org\/{rel}","templated":true}]}}